[{"id":11385,"date":"2025-02-27T13:55:55","date_gmt":"2025-02-27T12:55:55","guid":{"rendered":"https:\/\/wearemovement.se\/?post_type=tribe_organizer&#038;p=11385"},"modified":"2025-02-27T14:04:11","modified_gmt":"2025-02-27T13:04:11","slug":"ola-gedenryd","status":"publish","type":"tribe_organizer","link":"https:\/\/wearemovement.se\/sv\/trainer\/ola-gedenryd\/","title":{"rendered":"Ola Gedenryd"},"content":{"rendered":"<p class=\"p1\">Ola \u00e4r en passionerad ledare inom Business Agility-transformationer. Med 17 \u00e5rs erfarenhet av att etablera och driva Business Agility-transformationer i utmanande internationella milj\u00f6er, fokuserar Ola p\u00e5 att hj\u00e4lpa m\u00e4nniskor och organisationer att lyckas genom coaching, r\u00e5dgivning och utbildning. Ola anv\u00e4nder professionella Enterprise Coaching-tekniker med r\u00f6tter i NLP och SAFe.<\/p>\n<p class=\"p1\">Ola \u00e4r \u00e4ven en popul\u00e4r talare p\u00e5 internationella konferenser om Business Agility och \u00e4r en av de f\u00e5 SAFe SPCT:er i v\u00e4rlden. Som s\u00e5dan bidrar Ola aktivt till utvecklingen av SAFe. Med \u00f6ver 3000 utbildade personer globalt inom olika Lean-Agile-tr\u00e4ningar st\u00f6djer Ola idag flera Business Agility-transformationer i Asien, Europa och Mellan\u00f6stern.<\/p>\n","protected":false},"excerpt":{"rendered":"<p>Ola \u00e4r en passionerad ledare inom Business Agility-transformationer. Med 17 \u00e5rs erfarenhet av att etablera och driva Business Agility-transformationer i utmanande internationella milj\u00f6er, fokuserar Ola p\u00e5 att hj\u00e4lpa m\u00e4nniskor och organisationer att lyckas genom coaching, r\u00e5dgivning och utbildning. Ola anv\u00e4nder [&hellip;]<\/p>\n","protected":false},"author":3,"featured_media":11386,"template":"","meta":{"_price":"","_stock":"","_tribe_ticket_header":"","_tribe_default_ticket_provider":"","_tribe_ticket_capacity":"0","_ticket_start_date":"","_ticket_end_date":"","_tribe_ticket_show_description":"","_tribe_ticket_show_not_going":false,"_tribe_ticket_use_global_stock":"","_tribe_ticket_global_stock_level":"","_global_stock_mode":"","_global_stock_cap":"","_tribe_rsvp_for_event":"","_tribe_ticket_going_count":"","_tribe_ticket_not_going_count":"","_tribe_tickets_list":[],"_tribe_ticket_has_attendee_info_fields":false},"yst_prominent_words":[584,631,582,641,545,1155,638,605,591,52],"acf":[],"_links":{"self":[{"href":"https:\/\/wearemovement.se\/sv\/wp-json\/wp\/v2\/tribe_organizer\/11385"}],"collection":[{"href":"https:\/\/wearemovement.se\/sv\/wp-json\/wp\/v2\/tribe_organizer"}],"about":[{"href":"https:\/\/wearemovement.se\/sv\/wp-json\/wp\/v2\/types\/tribe_organizer"}],"author":[{"embeddable":true,"href":"https:\/\/wearemovement.se\/sv\/wp-json\/wp\/v2\/users\/3"}],"version-history":[{"count":0,"href":"https:\/\/wearemovement.se\/sv\/wp-json\/wp\/v2\/tribe_organizer\/11385\/revisions"}],"wp:featuredmedia":[{"embeddable":true,"href":"https:\/\/wearemovement.se\/sv\/wp-json\/wp\/v2\/media\/11386"}],"wp:attachment":[{"href":"https:\/\/wearemovement.se\/sv\/wp-json\/wp\/v2\/media?parent=11385"}],"wp:term":[{"taxonomy":"yst_prominent_words","embeddable":true,"href":"https:\/\/wearemovement.se\/sv\/wp-json\/wp\/v2\/yst_prominent_words?post=11385"}],"curies":[{"name":"wp","href":"https:\/\/api.w.org\/{rel}","templated":true}]}},{"id":10107,"date":"2023-11-16T05:04:06","date_gmt":"2023-11-16T04:04:06","guid":{"rendered":"https:\/\/wearemovement.se\/?post_type=tribe_organizer&#038;p=10107"},"modified":"2024-08-19T12:31:46","modified_gmt":"2024-08-19T10:31:46","slug":"anders-laestadius","status":"publish","type":"tribe_organizer","link":"https:\/\/wearemovement.se\/sv\/trainer\/anders-laestadius\/","title":{"rendered":"Anders Laestadius"},"content":{"rendered":"<p>Anders \u00e4r en senior Lean-Agile och ledarskapscoach samt utbildare med \u00f6ver 20 \u00e5rs erfarenhet av agil mjukvaruutveckling. Han har arbetat inom branscher som medicinteknik, bank och offentlig sektor.<\/p>\n<p>Med en bakgrund som utvecklare och arkitekt har Anders genom egen praktik upplevt hur agila v\u00e4rderingar och principer skapar en optimal milj\u00f6 f\u00f6r individer och organisationer att vara b\u00e5de effektiva och effektfulla, styrda av en stark humanistisk m\u00e4nniskosyn. Under de senaste 18 \u00e5ren har Anders fokuserat p\u00e5 att leda f\u00f6r\u00e4ndringsarbete genom att agera som organisationscoach. Han anv\u00e4nder ett systemiskt angreppss\u00e4tt f\u00f6r att driva f\u00f6r\u00e4ndring genom att coacha individer, team och ledarskap f\u00f6r att f\u00f6r\u00e4ndra organisationskultur, struktur och arbetss\u00e4tt.<\/p>\n<p>Anders \u00e4r ocks\u00e5 certifierad handledare i F\u00f6rsvarsh\u00f6gskolans Utvecklande Ledarskap, certifierad professionell coach (ICF ACC), certifierad i Ledarskapscirkeln samt instrukt\u00f6r i mindfulness.<\/p>\n","protected":false},"excerpt":{"rendered":"<p>Anders \u00e4r en senior Lean-Agile och ledarskapscoach samt utbildare med \u00f6ver 20 \u00e5rs erfarenhet av agil mjukvaruutveckling. Han har arbetat inom branscher som medicinteknik, bank och offentlig sektor. Med en bakgrund som utvecklare och arkitekt har Anders genom egen praktik [&hellip;]<\/p>\n","protected":false},"author":3,"featured_media":10108,"template":"","meta":{"_price":"","_stock":"","_tribe_ticket_header":"","_tribe_default_ticket_provider":"","_tribe_ticket_capacity":"0","_ticket_start_date":"","_ticket_end_date":"","_tribe_ticket_show_description":"","_tribe_ticket_show_not_going":false,"_tribe_ticket_use_global_stock":"","_tribe_ticket_global_stock_level":"","_global_stock_mode":"","_global_stock_cap":"","_tribe_rsvp_for_event":"","_tribe_ticket_going_count":"","_tribe_ticket_not_going_count":"","_tribe_tickets_list":[],"_tribe_ticket_has_attendee_info_fields":false},"yst_prominent_words":[584,631,582,545,588,536,719,1155,638,593],"acf":[],"_links":{"self":[{"href":"https:\/\/wearemovement.se\/sv\/wp-json\/wp\/v2\/tribe_organizer\/10107"}],"collection":[{"href":"https:\/\/wearemovement.se\/sv\/wp-json\/wp\/v2\/tribe_organizer"}],"about":[{"href":"https:\/\/wearemovement.se\/sv\/wp-json\/wp\/v2\/types\/tribe_organizer"}],"author":[{"embeddable":true,"href":"https:\/\/wearemovement.se\/sv\/wp-json\/wp\/v2\/users\/3"}],"version-history":[{"count":0,"href":"https:\/\/wearemovement.se\/sv\/wp-json\/wp\/v2\/tribe_organizer\/10107\/revisions"}],"wp:featuredmedia":[{"embeddable":true,"href":"https:\/\/wearemovement.se\/sv\/wp-json\/wp\/v2\/media\/10108"}],"wp:attachment":[{"href":"https:\/\/wearemovement.se\/sv\/wp-json\/wp\/v2\/media?parent=10107"}],"wp:term":[{"taxonomy":"yst_prominent_words","embeddable":true,"href":"https:\/\/wearemovement.se\/sv\/wp-json\/wp\/v2\/yst_prominent_words?post=10107"}],"curies":[{"name":"wp","href":"https:\/\/api.w.org\/{rel}","templated":true}]}},{"id":9796,"date":"2023-09-10T15:23:08","date_gmt":"2023-09-10T13:23:08","guid":{"rendered":"https:\/\/wearemovement.se\/?post_type=tribe_organizer&#038;p=9796"},"modified":"2026-03-24T15:04:55","modified_gmt":"2026-03-24T14:04:55","slug":"rune-christensen","status":"publish","type":"tribe_organizer","link":"https:\/\/wearemovement.se\/sv\/trainer\/rune-christensen\/","title":{"rendered":"Rune Christensen"},"content":{"rendered":"<p class=\"p1\">Rune har mer \u00e4n 20 \u00e5rs erfarenhet av mjukvara och cyberfysiska l\u00f6sningar inom f\u00f6retags- och samh\u00e4llskritisk kommunikation, f\u00f6rs\u00e4kring, logistik och energisektorn. Som tidigare anst\u00e4lld p\u00e5 Scaled Agile och SPCT Strategic Advisor har han v\u00e4glett flera organisationer i att inf\u00f6ra lean-agila arbetss\u00e4tt och d\u00e4rigenom hj\u00e4lpt dem att uppn\u00e5 meningsfulla och m\u00e4tbara aff\u00e4rsresultat.<\/p>\n","protected":false},"excerpt":{"rendered":"<p>Rune har mer \u00e4n 20 \u00e5rs erfarenhet av mjukvara och cyberfysiska l\u00f6sningar inom f\u00f6retags- och samh\u00e4llskritisk kommunikation, f\u00f6rs\u00e4kring, logistik och energisektorn. Som tidigare anst\u00e4lld p\u00e5 Scaled Agile och SPCT Strategic Advisor har han v\u00e4glett flera organisationer i att inf\u00f6ra lean-agila [&hellip;]<\/p>\n","protected":false},"author":3,"featured_media":9797,"template":"","meta":{"_price":"","_stock":"","_tribe_ticket_header":"","_tribe_default_ticket_provider":"","_tribe_ticket_capacity":"0","_ticket_start_date":"","_ticket_end_date":"","_tribe_ticket_show_description":"","_tribe_ticket_show_not_going":false,"_tribe_ticket_use_global_stock":"","_tribe_ticket_global_stock_level":"","_global_stock_mode":"","_global_stock_cap":"","_tribe_rsvp_for_event":"","_tribe_ticket_going_count":"","_tribe_ticket_not_going_count":"","_tribe_tickets_list":[],"_tribe_ticket_has_attendee_info_fields":false},"yst_prominent_words":[631,719,638],"acf":[],"_links":{"self":[{"href":"https:\/\/wearemovement.se\/sv\/wp-json\/wp\/v2\/tribe_organizer\/9796"}],"collection":[{"href":"https:\/\/wearemovement.se\/sv\/wp-json\/wp\/v2\/tribe_organizer"}],"about":[{"href":"https:\/\/wearemovement.se\/sv\/wp-json\/wp\/v2\/types\/tribe_organizer"}],"author":[{"embeddable":true,"href":"https:\/\/wearemovement.se\/sv\/wp-json\/wp\/v2\/users\/3"}],"version-history":[{"count":0,"href":"https:\/\/wearemovement.se\/sv\/wp-json\/wp\/v2\/tribe_organizer\/9796\/revisions"}],"wp:featuredmedia":[{"embeddable":true,"href":"https:\/\/wearemovement.se\/sv\/wp-json\/wp\/v2\/media\/9797"}],"wp:attachment":[{"href":"https:\/\/wearemovement.se\/sv\/wp-json\/wp\/v2\/media?parent=9796"}],"wp:term":[{"taxonomy":"yst_prominent_words","embeddable":true,"href":"https:\/\/wearemovement.se\/sv\/wp-json\/wp\/v2\/yst_prominent_words?post=9796"}],"curies":[{"name":"wp","href":"https:\/\/api.w.org\/{rel}","templated":true}]}},{"id":9355,"date":"2023-03-24T11:29:23","date_gmt":"2023-03-24T10:29:23","guid":{"rendered":"https:\/\/wearemovement.se\/?post_type=tribe_organizer&#038;p=9355"},"modified":"2023-03-24T11:32:17","modified_gmt":"2023-03-24T10:32:17","slug":"christian-andersson","status":"publish","type":"tribe_organizer","link":"https:\/\/wearemovement.se\/sv\/trainer\/christian-andersson\/","title":{"rendered":"Christian Andersson"},"content":{"rendered":"<p>Med mer \u00e4n tv\u00e5 decennier som konsult inom flera dom\u00e4ner och roller har Christian en djupg\u00e5ende kunskap om organisationer i allm\u00e4nhet, men produktutvecklingsorganisationer i synnerhet. Christian har arbetat inom m\u00e5nga omr\u00e5den inom utveckling, fr\u00e5n test till projektledning, produktplanering, processutveckling, kvalitetsledning och regelefterlevnad.<\/p>\n<p>Som f\u00f6r\u00e4ndringsagent har Christian r\u00e5dgivit och lett flera Lean-Agila transformationer, ofta i organisationer som utvecklar komplexa produkter med h\u00e5rdvara, elektronik och mjukvara. Han \u00e4r certifierad SPC och har tr\u00e4nat flera hundra personer i SAFe under \u00e5ren, och han \u00e4r en h\u00f6gt ansedd tr\u00e4nare.<\/p>\n","protected":false},"excerpt":{"rendered":"<p>Med mer \u00e4n tv\u00e5 decennier som konsult inom flera dom\u00e4ner och roller har Christian en djupg\u00e5ende kunskap om organisationer i allm\u00e4nhet, men produktutvecklingsorganisationer i synnerhet. Christian har arbetat inom m\u00e5nga omr\u00e5den inom utveckling, fr\u00e5n test till projektledning, produktplanering, processutveckling, kvalitetsledning [&hellip;]<\/p>\n","protected":false},"author":2,"featured_media":9356,"template":"","meta":{"_price":"","_stock":"","_tribe_ticket_header":"","_tribe_default_ticket_provider":"","_tribe_ticket_capacity":"0","_ticket_start_date":"","_ticket_end_date":"","_tribe_ticket_show_description":"","_tribe_ticket_show_not_going":false,"_tribe_ticket_use_global_stock":"","_tribe_ticket_global_stock_level":"","_global_stock_mode":"","_global_stock_cap":"","_tribe_rsvp_for_event":"","_tribe_ticket_going_count":"","_tribe_ticket_not_going_count":"","_tribe_tickets_list":[],"_tribe_ticket_has_attendee_info_fields":false},"yst_prominent_words":[584,305,545,719,1155,638,593],"acf":[],"_links":{"self":[{"href":"https:\/\/wearemovement.se\/sv\/wp-json\/wp\/v2\/tribe_organizer\/9355"}],"collection":[{"href":"https:\/\/wearemovement.se\/sv\/wp-json\/wp\/v2\/tribe_organizer"}],"about":[{"href":"https:\/\/wearemovement.se\/sv\/wp-json\/wp\/v2\/types\/tribe_organizer"}],"author":[{"embeddable":true,"href":"https:\/\/wearemovement.se\/sv\/wp-json\/wp\/v2\/users\/2"}],"version-history":[{"count":0,"href":"https:\/\/wearemovement.se\/sv\/wp-json\/wp\/v2\/tribe_organizer\/9355\/revisions"}],"wp:featuredmedia":[{"embeddable":true,"href":"https:\/\/wearemovement.se\/sv\/wp-json\/wp\/v2\/media\/9356"}],"wp:attachment":[{"href":"https:\/\/wearemovement.se\/sv\/wp-json\/wp\/v2\/media?parent=9355"}],"wp:term":[{"taxonomy":"yst_prominent_words","embeddable":true,"href":"https:\/\/wearemovement.se\/sv\/wp-json\/wp\/v2\/yst_prominent_words?post=9355"}],"curies":[{"name":"wp","href":"https:\/\/api.w.org\/{rel}","templated":true}]}},{"id":9332,"date":"2023-03-22T13:51:06","date_gmt":"2023-03-22T12:51:06","guid":{"rendered":"https:\/\/wearemovement.se\/?post_type=tribe_organizer&#038;p=9332"},"modified":"2023-03-22T13:51:06","modified_gmt":"2023-03-22T12:51:06","slug":"odile-moreau","status":"publish","type":"tribe_organizer","link":"https:\/\/wearemovement.se\/sv\/trainer\/odile-moreau\/","title":{"rendered":"Odile Moreau"},"content":{"rendered":"<p>Odile Moreau \u00e4r en SAFe strategisk r\u00e5dgivare och SPCT f\u00f6r Scaled Agile Inc, baserad i Frankrike. Hon guidar internationella organisationer mot st\u00f6rre grad av aff\u00e4rsagilitet.<\/p>\n<p>Genom att kombinera djup sakexpertis med f\u00f6rm\u00e5gan att coacha beteende och ledarskap har hon varit en mycket effektiv coach f\u00f6r stora organisationer. Odile \u00e4r passionerad kring Lean Kanban, Scrum, Lean och SAFe, utan att n\u00e5gonsin tappa bort de m\u00e4nskliga aspekterna.<\/p>\n<p>Odile har mer \u00e4n 20 \u00e5rs professionell erfarenhet av att hj\u00e4lpa vinstdrivande och icke-vinstdrivande organisationer inom IT-tj\u00e4nsthantering, aff\u00e4rsinformationshantering och produktutveckling \u00f6ver hela v\u00e4rlden<br \/>\nDe senaste 10 \u00e5ren har hennes fokus varit att hj\u00e4lpa organisationer och team i stor skala att anta ett agilt mindset, principer och praktiker tillsammans kontinuerliga f\u00f6rb\u00e4ttringsmetoder.<\/p>\n","protected":false},"excerpt":{"rendered":"<p>Odile Moreau \u00e4r en SAFe strategisk r\u00e5dgivare och SPCT f\u00f6r Scaled Agile Inc, baserad i Frankrike. Hon guidar internationella organisationer mot st\u00f6rre grad av aff\u00e4rsagilitet. Genom att kombinera djup sakexpertis med f\u00f6rm\u00e5gan att coacha beteende och ledarskap har hon varit [&hellip;]<\/p>\n","protected":false},"author":2,"featured_media":9331,"template":"","meta":{"_price":"","_stock":"","_tribe_ticket_header":"","_tribe_default_ticket_provider":"","_tribe_ticket_capacity":"","_ticket_start_date":"","_ticket_end_date":"","_tribe_ticket_show_description":"","_tribe_ticket_show_not_going":false,"_tribe_ticket_use_global_stock":"","_tribe_ticket_global_stock_level":"","_global_stock_mode":"","_global_stock_cap":"","_tribe_rsvp_for_event":"","_tribe_ticket_going_count":"","_tribe_ticket_not_going_count":"","_tribe_tickets_list":[],"_tribe_ticket_has_attendee_info_fields":false},"yst_prominent_words":[584,631,582,581,545,588,719,221,638,52],"acf":[],"_links":{"self":[{"href":"https:\/\/wearemovement.se\/sv\/wp-json\/wp\/v2\/tribe_organizer\/9332"}],"collection":[{"href":"https:\/\/wearemovement.se\/sv\/wp-json\/wp\/v2\/tribe_organizer"}],"about":[{"href":"https:\/\/wearemovement.se\/sv\/wp-json\/wp\/v2\/types\/tribe_organizer"}],"author":[{"embeddable":true,"href":"https:\/\/wearemovement.se\/sv\/wp-json\/wp\/v2\/users\/2"}],"version-history":[{"count":0,"href":"https:\/\/wearemovement.se\/sv\/wp-json\/wp\/v2\/tribe_organizer\/9332\/revisions"}],"wp:featuredmedia":[{"embeddable":true,"href":"https:\/\/wearemovement.se\/sv\/wp-json\/wp\/v2\/media\/9331"}],"wp:attachment":[{"href":"https:\/\/wearemovement.se\/sv\/wp-json\/wp\/v2\/media?parent=9332"}],"wp:term":[{"taxonomy":"yst_prominent_words","embeddable":true,"href":"https:\/\/wearemovement.se\/sv\/wp-json\/wp\/v2\/yst_prominent_words?post=9332"}],"curies":[{"name":"wp","href":"https:\/\/api.w.org\/{rel}","templated":true}]}},{"id":9221,"date":"2023-03-09T11:38:01","date_gmt":"2023-03-09T10:38:01","guid":{"rendered":"https:\/\/wearemovement.se\/?post_type=tribe_organizer&#038;p=9221"},"modified":"2023-03-09T11:38:01","modified_gmt":"2023-03-09T10:38:01","slug":"mirko-kleiner","status":"publish","type":"tribe_organizer","link":"https:\/\/wearemovement.se\/sv\/trainer\/mirko-kleiner\/","title":{"rendered":"Mirko Kleiner"},"content":{"rendered":"<p>Mirko Kleiner \u00e4r en respekterad ledande f\u00f6respr\u00e5kare f\u00f6r Lean-Agil Upphandling och en internationell keynote-talare. Han \u00e4r en mycket uppskattad l\u00e4rare inom omr\u00e5det och \u00e4r v\u00e4lk\u00e4nd f\u00f6r att kunna dela med sig av m\u00e5nga verkliga exempel p\u00e5 agil upphandling fr\u00e5n en m\u00e4ngd olika branscher samt fr\u00e5n offentlig sektor \u00f6ver hela v\u00e4rlden. Mirko \u00e4r ocks\u00e5 ordf\u00f6rande f\u00f6r Lean-Agile Procurement Alliance.<\/p>\n","protected":false},"excerpt":{"rendered":"<p>Mirko Kleiner \u00e4r en respekterad ledande f\u00f6respr\u00e5kare f\u00f6r Lean-Agil Upphandling och en internationell keynote-talare. Han \u00e4r en mycket uppskattad l\u00e4rare inom omr\u00e5det och \u00e4r v\u00e4lk\u00e4nd f\u00f6r att kunna dela med sig av m\u00e5nga verkliga exempel p\u00e5 agil upphandling fr\u00e5n en [&hellip;]<\/p>\n","protected":false},"author":2,"featured_media":9166,"template":"","meta":{"_price":"","_stock":"","_tribe_ticket_header":"","_tribe_default_ticket_provider":"","_tribe_ticket_capacity":"","_ticket_start_date":"","_ticket_end_date":"","_tribe_ticket_show_description":"","_tribe_ticket_show_not_going":false,"_tribe_ticket_use_global_stock":"","_tribe_ticket_global_stock_level":"","_global_stock_mode":"","_global_stock_cap":"","_tribe_rsvp_for_event":"","_tribe_ticket_going_count":"","_tribe_ticket_not_going_count":"","_tribe_tickets_list":[],"_tribe_ticket_has_attendee_info_fields":false},"yst_prominent_words":[584,545,588,2234,638],"acf":[],"_links":{"self":[{"href":"https:\/\/wearemovement.se\/sv\/wp-json\/wp\/v2\/tribe_organizer\/9221"}],"collection":[{"href":"https:\/\/wearemovement.se\/sv\/wp-json\/wp\/v2\/tribe_organizer"}],"about":[{"href":"https:\/\/wearemovement.se\/sv\/wp-json\/wp\/v2\/types\/tribe_organizer"}],"author":[{"embeddable":true,"href":"https:\/\/wearemovement.se\/sv\/wp-json\/wp\/v2\/users\/2"}],"version-history":[{"count":0,"href":"https:\/\/wearemovement.se\/sv\/wp-json\/wp\/v2\/tribe_organizer\/9221\/revisions"}],"wp:featuredmedia":[{"embeddable":true,"href":"https:\/\/wearemovement.se\/sv\/wp-json\/wp\/v2\/media\/9166"}],"wp:attachment":[{"href":"https:\/\/wearemovement.se\/sv\/wp-json\/wp\/v2\/media?parent=9221"}],"wp:term":[{"taxonomy":"yst_prominent_words","embeddable":true,"href":"https:\/\/wearemovement.se\/sv\/wp-json\/wp\/v2\/yst_prominent_words?post=9221"}],"curies":[{"name":"wp","href":"https:\/\/api.w.org\/{rel}","templated":true}]}},{"id":9169,"date":"2023-02-28T15:25:04","date_gmt":"2023-02-28T14:25:04","guid":{"rendered":"https:\/\/wearemovement.se\/?post_type=tribe_organizer&#038;p=9169"},"modified":"2023-02-28T15:25:23","modified_gmt":"2023-02-28T14:25:23","slug":"eji-stenlund","status":"publish","type":"tribe_organizer","link":"https:\/\/wearemovement.se\/sv\/trainer\/eji-stenlund\/","title":{"rendered":"Eji Stenlund"},"content":{"rendered":"<p>Eji Stenlund \u00e4r en Agil ut\u00f6vare med omfattande erfarenhet av IT-leverans och styrning i internationella s\u00e5v\u00e4l som svenska milj\u00f6er. Hon har mer \u00e4n 15 \u00e5rs erfarenhet av stora och komplexa uppdrag inom IT-utveckling med fokus p\u00e5 Lean och Agila arbetss\u00e4tt.<\/p>\n<p>Hon drivs av m\u00f6jligheten att anv\u00e4nda sin omfattande erfarenhet f\u00f6r att st\u00f6dja f\u00f6retag i deras framtida utveckling och kontinuerligt f\u00f6rb\u00e4ttra v\u00e4rdefl\u00f6det i leveransen till deras kunder. Och att hj\u00e4lpa f\u00f6retag att bygga team med individer som \u00e4r motiverade och st\u00e4rkta. Team som l\u00e4r sig att anv\u00e4nda kraftfulla Lean och Agila verktyg, men framf\u00f6r allt \u00e4r intresserade av att utveckla varandra och tillsammans bygga en trygg och medk\u00e4nnande arbetsmilj\u00f6.<\/p>\n","protected":false},"excerpt":{"rendered":"<p>Eji Stenlund \u00e4r en Agil ut\u00f6vare med omfattande erfarenhet av IT-leverans och styrning i internationella s\u00e5v\u00e4l som svenska milj\u00f6er. Hon har mer \u00e4n 15 \u00e5rs erfarenhet av stora och komplexa uppdrag inom IT-utveckling med fokus p\u00e5 Lean och Agila arbetss\u00e4tt. [&hellip;]<\/p>\n","protected":false},"author":2,"featured_media":5258,"template":"","meta":{"_price":"","_stock":"","_tribe_ticket_header":"","_tribe_default_ticket_provider":"","_tribe_ticket_capacity":"0","_ticket_start_date":"","_ticket_end_date":"","_tribe_ticket_show_description":"","_tribe_ticket_show_not_going":false,"_tribe_ticket_use_global_stock":"","_tribe_ticket_global_stock_level":"","_global_stock_mode":"","_global_stock_cap":"","_tribe_rsvp_for_event":"","_tribe_ticket_going_count":"","_tribe_ticket_not_going_count":"","_tribe_tickets_list":[],"_tribe_ticket_has_attendee_info_fields":false},"yst_prominent_words":[584,631,582,545,221,543,1155,638,593],"acf":[],"_links":{"self":[{"href":"https:\/\/wearemovement.se\/sv\/wp-json\/wp\/v2\/tribe_organizer\/9169"}],"collection":[{"href":"https:\/\/wearemovement.se\/sv\/wp-json\/wp\/v2\/tribe_organizer"}],"about":[{"href":"https:\/\/wearemovement.se\/sv\/wp-json\/wp\/v2\/types\/tribe_organizer"}],"author":[{"embeddable":true,"href":"https:\/\/wearemovement.se\/sv\/wp-json\/wp\/v2\/users\/2"}],"version-history":[{"count":0,"href":"https:\/\/wearemovement.se\/sv\/wp-json\/wp\/v2\/tribe_organizer\/9169\/revisions"}],"wp:featuredmedia":[{"embeddable":true,"href":"https:\/\/wearemovement.se\/sv\/wp-json\/wp\/v2\/media\/5258"}],"wp:attachment":[{"href":"https:\/\/wearemovement.se\/sv\/wp-json\/wp\/v2\/media?parent=9169"}],"wp:term":[{"taxonomy":"yst_prominent_words","embeddable":true,"href":"https:\/\/wearemovement.se\/sv\/wp-json\/wp\/v2\/yst_prominent_words?post=9169"}],"curies":[{"name":"wp","href":"https:\/\/api.w.org\/{rel}","templated":true}]}},{"id":9155,"date":"2023-02-24T14:09:36","date_gmt":"2023-02-24T13:09:36","guid":{"rendered":"https:\/\/wearemovement.se\/?post_type=tribe_organizer&#038;p=9155"},"modified":"2023-06-19T12:00:49","modified_gmt":"2023-06-19T10:00:49","slug":"magnus-westerberg","status":"publish","type":"tribe_organizer","link":"https:\/\/wearemovement.se\/sv\/trainer\/magnus-westerberg\/","title":{"rendered":"Magnus Westerberg"},"content":{"rendered":"<div class=\"fusion-fullwidth fullwidth-box fusion-builder-row-1 nonhundred-percent-fullwidth non-hundred-percent-height-scrolling\" style=\"background-color: #151515;background-position: center center;background-repeat: no-repeat;padding-top:0px;padding-right:0px;padding-bottom:0px;padding-left:0px;margin-bottom: 0px;margin-top: 0px;border-width: 0px 0px 0px 0px;border-color:#151515;border-style:solid;\" ><div class=\"fusion-builder-row fusion-row\"><div class=\"fusion-layout-column fusion_builder_column fusion-builder-column-0 fusion_builder_column_1_1 1_1 fusion-one-full fusion-column-first fusion-column-last\" style=\"margin-top:0px;margin-bottom:0px;\"><div class=\"fusion-column-wrapper fusion-flex-column-wrapper-legacy\" style=\"background-position:left top;background-repeat:no-repeat;-webkit-background-size:cover;-moz-background-size:cover;-o-background-size:cover;background-size:cover;padding: 0px 0px 0px 0px;\"><div class=\"fusion-text fusion-text-1\"><p>Magnus Westerberg har en l\u00e5ng och djup erfarenhet av att leda och coacha agila team, fr\u00e5n management till CX-, UX-designers och tv\u00e4rfunktionella utvecklingsteam i moderna arbetss\u00e4tt, Design Thinking och kontinuerlig f\u00f6rb\u00e4ttring. Han \u00e4r en uppskattad workshop-ledare, facilitator och agil coach d\u00e4r han arbetar med alla sorters kompetenser i stora organisationer och guidar dem mot ett st\u00f6rre kundfokus och h\u00f6gre v\u00e4rdeleverans genom korta feedback-loopar.<\/p>\n<p>Innan han \u00e5terv\u00e4nde till att ha sin bas i Stockholm arbetade Magnus med CX- och produktutveckling f\u00f6r internationella organisationer i London, Berlin och Californien inom resor, fintech, konsumentvaror, automotive och rena startups.<\/p>\n<p>Magnus \u00e4r ocks\u00e5 en flitigt f\u00f6rel\u00e4sare p\u00e5 KTH, Handels, Berghs, Hyper Island och i digitala kurser p\u00e5 MIT.<\/p>\n<\/div><div class=\"fusion-clearfix\"><\/div><\/div><\/div><\/div><\/div>\n","protected":false},"excerpt":{"rendered":"","protected":false},"author":2,"featured_media":9156,"template":"","meta":{"_price":"","_stock":"","_tribe_ticket_header":"","_tribe_default_ticket_provider":"","_tribe_ticket_capacity":"0","_ticket_start_date":"","_ticket_end_date":"","_tribe_ticket_show_description":"","_tribe_ticket_show_not_going":false,"_tribe_ticket_use_global_stock":"","_tribe_ticket_global_stock_level":"","_global_stock_mode":"","_global_stock_cap":"","_tribe_rsvp_for_event":"","_tribe_ticket_going_count":"","_tribe_ticket_not_going_count":"","_tribe_tickets_list":[],"_tribe_ticket_has_attendee_info_fields":false},"yst_prominent_words":[584,631,371,545,479,1155,638,591],"acf":[],"_links":{"self":[{"href":"https:\/\/wearemovement.se\/sv\/wp-json\/wp\/v2\/tribe_organizer\/9155"}],"collection":[{"href":"https:\/\/wearemovement.se\/sv\/wp-json\/wp\/v2\/tribe_organizer"}],"about":[{"href":"https:\/\/wearemovement.se\/sv\/wp-json\/wp\/v2\/types\/tribe_organizer"}],"author":[{"embeddable":true,"href":"https:\/\/wearemovement.se\/sv\/wp-json\/wp\/v2\/users\/2"}],"version-history":[{"count":0,"href":"https:\/\/wearemovement.se\/sv\/wp-json\/wp\/v2\/tribe_organizer\/9155\/revisions"}],"wp:featuredmedia":[{"embeddable":true,"href":"https:\/\/wearemovement.se\/sv\/wp-json\/wp\/v2\/media\/9156"}],"wp:attachment":[{"href":"https:\/\/wearemovement.se\/sv\/wp-json\/wp\/v2\/media?parent=9155"}],"wp:term":[{"taxonomy":"yst_prominent_words","embeddable":true,"href":"https:\/\/wearemovement.se\/sv\/wp-json\/wp\/v2\/yst_prominent_words?post=9155"}],"curies":[{"name":"wp","href":"https:\/\/api.w.org\/{rel}","templated":true}]}},{"id":8987,"date":"2023-01-06T14:07:27","date_gmt":"2023-01-06T13:07:27","guid":{"rendered":"https:\/\/wearemovement.se\/?post_type=tribe_organizer&#038;p=8987"},"modified":"2023-01-06T14:40:31","modified_gmt":"2023-01-06T13:40:31","slug":"erika-schuttfort","status":"publish","type":"tribe_organizer","link":"https:\/\/wearemovement.se\/sv\/trainer\/erika-schuttfort\/","title":{"rendered":"Erika Sch\u00fcttfort"},"content":{"rendered":"<p>Erika har arbetat mycket inom medtech-branschen, d\u00e4r hon har lett stora skaliga lean-agila anpassningar som kombinerar mjukvaru- och h\u00e5rdvaru-produktutveckling i reglerade milj\u00f6er.<\/p>\n<p>Hon har en passion f\u00f6r vad diversifierade och tv\u00e4rfunktionella team kan leverera och hur anpassningar av organisatoriska strukturer kan m\u00f6jligg\u00f6ra detta. Erika har erfarenhet av att leda team och bygga strategiprocesser f\u00f6r att s\u00e4kerst\u00e4lla att f\u00f6r\u00e4ndringen v\u00e4xer fr\u00e5n alla sidor av en verksamhet. Hon har en bakgrund inom forskning med en PhD i materialteknik och drivs av nyfikenhet p\u00e5 komplexa probleml\u00f6sningar och kontinuerligt l\u00e4rande.<\/p>\n<p>Erika har bott i Tyskland, Storbritannien, Schweiz och under ett \u00e5r i Tanzania, vilket har gjort henne mycket medveten om sin egna svenskhet.<\/p>\n","protected":false},"excerpt":{"rendered":"<p>Erika har arbetat mycket inom medtech-branschen, d\u00e4r hon har lett stora skaliga lean-agila anpassningar som kombinerar mjukvaru- och h\u00e5rdvaru-produktutveckling i reglerade milj\u00f6er. Hon har en passion f\u00f6r vad diversifierade och tv\u00e4rfunktionella team kan leverera och hur anpassningar av organisatoriska strukturer [&hellip;]<\/p>\n","protected":false},"author":3,"featured_media":8988,"template":"","meta":{"_price":"","_stock":"","_tribe_ticket_header":"","_tribe_default_ticket_provider":"","_tribe_ticket_capacity":"0","_ticket_start_date":"","_ticket_end_date":"","_tribe_ticket_show_description":"","_tribe_ticket_show_not_going":false,"_tribe_ticket_use_global_stock":"","_tribe_ticket_global_stock_level":"","_global_stock_mode":"","_global_stock_cap":"","_tribe_rsvp_for_event":"","_tribe_ticket_going_count":"","_tribe_ticket_not_going_count":"","_tribe_tickets_list":[],"_tribe_ticket_has_attendee_info_fields":false},"yst_prominent_words":[631,582,545,588,719,638,60],"acf":[],"_links":{"self":[{"href":"https:\/\/wearemovement.se\/sv\/wp-json\/wp\/v2\/tribe_organizer\/8987"}],"collection":[{"href":"https:\/\/wearemovement.se\/sv\/wp-json\/wp\/v2\/tribe_organizer"}],"about":[{"href":"https:\/\/wearemovement.se\/sv\/wp-json\/wp\/v2\/types\/tribe_organizer"}],"author":[{"embeddable":true,"href":"https:\/\/wearemovement.se\/sv\/wp-json\/wp\/v2\/users\/3"}],"version-history":[{"count":0,"href":"https:\/\/wearemovement.se\/sv\/wp-json\/wp\/v2\/tribe_organizer\/8987\/revisions"}],"wp:featuredmedia":[{"embeddable":true,"href":"https:\/\/wearemovement.se\/sv\/wp-json\/wp\/v2\/media\/8988"}],"wp:attachment":[{"href":"https:\/\/wearemovement.se\/sv\/wp-json\/wp\/v2\/media?parent=8987"}],"wp:term":[{"taxonomy":"yst_prominent_words","embeddable":true,"href":"https:\/\/wearemovement.se\/sv\/wp-json\/wp\/v2\/yst_prominent_words?post=8987"}],"curies":[{"name":"wp","href":"https:\/\/api.w.org\/{rel}","templated":true}]}},{"id":8981,"date":"2023-01-06T13:22:09","date_gmt":"2023-01-06T12:22:09","guid":{"rendered":"https:\/\/wearemovement.se\/?post_type=tribe_organizer&#038;p=8981"},"modified":"2023-01-06T13:22:09","modified_gmt":"2023-01-06T12:22:09","slug":"jan-erik-richnau","status":"publish","type":"tribe_organizer","link":"https:\/\/wearemovement.se\/sv\/trainer\/jan-erik-richnau\/","title":{"rendered":"Jan-Erik Richnau"},"content":{"rendered":"<p>Jan-Erik \u00e4r en av grundarna av <a href=\"http:\/\/rezon.se\" target=\"_blank\" rel=\"noopener\"><span style=\"color: #ff0000;\">Rezon.se<\/span><\/a> och har en m\u00e5ng\u00e5rig erfarenhet av att arbeta som utbildare och i utvecklingsprogram f\u00f6r ledare och ledningsgrupper. Han anlitas oftast f\u00f6r l\u00e4ngre utvecklingsprojekt inom en organisation d\u00e4r det ing\u00e5r utveckling av ledningsgrupper, arbetslag och coachning av individer och grupper.<\/p>\n<p>Hans styrkor \u00e4r att p\u00e5 ett lyh\u00f6rt s\u00e4tt f\u00e5nga upp och driva processer hos individer och grupper. Han bidrar med struktur, \u00f6ppenhet, mod och kan p\u00e5 s\u00e5 vis locka fram individernas egen kompetens och erfarenhet. I slut\u00e4nden vill han se konkreta och m\u00e4tbara resultat och f\u00f6r\u00e4ndring genom sina insatser.<\/p>\n","protected":false},"excerpt":{"rendered":"<p>Jan-Erik \u00e4r en av grundarna av Rezon.se och har en m\u00e5ng\u00e5rig erfarenhet av att arbeta som utbildare och i utvecklingsprogram f\u00f6r ledare och ledningsgrupper. Han anlitas oftast f\u00f6r l\u00e4ngre utvecklingsprojekt inom en organisation d\u00e4r det ing\u00e5r utveckling av ledningsgrupper, arbetslag [&hellip;]<\/p>\n","protected":false},"author":3,"featured_media":8976,"template":"","meta":{"_price":"","_stock":"","_tribe_ticket_header":"","_tribe_default_ticket_provider":"","_tribe_ticket_capacity":"","_ticket_start_date":"","_ticket_end_date":"","_tribe_ticket_show_description":"","_tribe_ticket_show_not_going":false,"_tribe_ticket_use_global_stock":"","_tribe_ticket_global_stock_level":"","_global_stock_mode":"","_global_stock_cap":"","_tribe_rsvp_for_event":"","_tribe_ticket_going_count":"","_tribe_ticket_not_going_count":"","_tribe_tickets_list":[],"_tribe_ticket_has_attendee_info_fields":false},"yst_prominent_words":[],"acf":[],"_links":{"self":[{"href":"https:\/\/wearemovement.se\/sv\/wp-json\/wp\/v2\/tribe_organizer\/8981"}],"collection":[{"href":"https:\/\/wearemovement.se\/sv\/wp-json\/wp\/v2\/tribe_organizer"}],"about":[{"href":"https:\/\/wearemovement.se\/sv\/wp-json\/wp\/v2\/types\/tribe_organizer"}],"author":[{"embeddable":true,"href":"https:\/\/wearemovement.se\/sv\/wp-json\/wp\/v2\/users\/3"}],"version-history":[{"count":0,"href":"https:\/\/wearemovement.se\/sv\/wp-json\/wp\/v2\/tribe_organizer\/8981\/revisions"}],"wp:featuredmedia":[{"embeddable":true,"href":"https:\/\/wearemovement.se\/sv\/wp-json\/wp\/v2\/media\/8976"}],"wp:attachment":[{"href":"https:\/\/wearemovement.se\/sv\/wp-json\/wp\/v2\/media?parent=8981"}],"wp:term":[{"taxonomy":"yst_prominent_words","embeddable":true,"href":"https:\/\/wearemovement.se\/sv\/wp-json\/wp\/v2\/yst_prominent_words?post=8981"}],"curies":[{"name":"wp","href":"https:\/\/api.w.org\/{rel}","templated":true}]}}]